{"id":2529,"date":"2023-08-18T08:06:06","date_gmt":"2023-08-18T08:06:06","guid":{"rendered":"https:\/\/academy.mellifiq.com\/?post_type=events&#038;p=2529"},"modified":"2023-09-06T12:19:02","modified_gmt":"2023-09-06T12:19:02","slug":"avancerad-rening-av-lakemedelsrester-vid-salfjallets-reningsverk-presentation-av-slututvardering","status":"publish","type":"events","link":"https:\/\/academy.mellifiq.com\/sv\/archives\/events\/avancerad-rening-av-lakemedelsrester-vid-salfjallets-reningsverk-presentation-av-slututvardering","title":{"rendered":"Avancerad rening av l\u00e4kemedelsrester vid S\u00e4lfj\u00e4llets reningsverk &#8211; presentation av slututv\u00e4rdering"},"content":{"rendered":"\n<section\n    id=\"\"\n    class=\"block content-block\"\n\tstyle=\"--cb-bg: #fff; --cb-content: #000; \"\n>\n    \n\n<div class=\"container-fluid editor_content content content--full\">\n    <div class=\"row\">\n        <div class=\"col-12 editor_content\">\n            <p>V\u00e4lkommen till ett Mellifiq Academy webinar:<\/p>\n<p>Presentation av slututv\u00e4rdering av pilotprojektet rening av l\u00e4kemedelsrester vid S\u00e4lfj\u00e4llets avloppsreningsverk.<\/p>\n<p><strong>Organisat\u00f6r:<\/strong> Mellifiq i samarbete med Vatten- och Avfall i Malung-S\u00e4len (VAMAS)<br \/>\n<strong>Datum:<\/strong> Onsdag 11 oktober 2023, kl. 10.00 &#8211; 11.00<br \/>\n<strong>Plattform:<\/strong> Livestorm \u2013 webinar<\/p>\n<p><a href=\"https:\/\/app.livestorm.co\/mellifiq\/avancerad-rening-av-laekemedelsrester-vid-saelfjaellets-avloppsreningsverk-presentation-av-slututvaerdering?s=8866c63c-95ba-4dc7-bd69-1a3686a914b4\" target=\"_blank\" rel=\"noopener\">Anm\u00e4l dig via anm\u00e4lningsl\u00e4nken h\u00e4r<\/a><\/p>\n<p><strong>Presentation av slututv\u00e4rdering av borttagning av l\u00e4kemedelsrester<\/strong><\/p>\n<p>VAMAS har tillsammans med Mellifiq fr\u00e5n h\u00f6sten 2022 genomf\u00f6rt en f\u00f6rstudie om l\u00e4kemedelsrening. Med bidrag fr\u00e5n Naturv\u00e5rdsverket har projektet kunnat genomf\u00f6ras med m\u00e5let att f\u00e5 kunskap och information, f\u00f6r att vara f\u00f6rberedda inf\u00f6r framtidens eventuella l\u00e4kemedelsrening. De reningstekniker som har valts att testas i pilotanl\u00e4ggningen \u00e4r en kombination av sandfilter, oxidation med ozonering och adsorption med granulerat aktivt kol (GAK). Projektet har p\u00e5g\u00e5tt under ca 6 m\u00e5naders tid med kontinuerligt utf\u00f6rda provtagningar och analyser av l\u00e4kemedelsrester. En del av projektet \u00e4r att sprida information om tillg\u00e4ngliga och utvalda tekniker f\u00f6r l\u00e4kemedelsrening, och vi bjuder d\u00e4rf\u00f6r in till detta webinarium.<\/p>\n<p><strong>Program<\/strong><\/p>\n<ul>\n<li>V\u00e4lkommen till detta webinar \u2013 VAMAS och Mellifiq<\/li>\n<li>Bakgrund till projektet \u2013 VAMAS<\/li>\n<li>Projektets omfattning och reningstekniker \u2013 Mellifiq<\/li>\n<li>Provresultat och slututv\u00e4rdering av projektet \u2013 Mellifiq<\/li>\n<li>Fr\u00e5gor och svar \u2013 VAMAS och Mellifiq<\/li>\n<\/ul>\n        <\/div>\n    <\/div>\n<\/div>\n\n<\/section>\n\n\n<section class=\"block form-block event\" style=\"padding-top:0px;\">\n  <div id=\"form\" class=\"container-fluid\" style=\"padding-top: 130px;margin-top: -130px; --event-form-bg: #0080c8; --event-form-color: #fff\">\n    <div class=\"event-container \">\n\t\t\t<ul>\n\t\t\t\t<li><h4>Information : <\/h4><\/li>\n\t\t\t\t<li><span>When : 2023-10-11 10:00 CET<\/span><\/li>\n\t\t\t\t<li><span>Category : \t\t\t\tIndustriell vatten<\/span><\/li>\n\t\t\t\t\t\t\t\t<li><span>Language : Svenska<\/span><\/li>\n\t\t\t\t\t\t\t\t<li><span>Platform : Webinar<\/span>\n\t\t\t\t<\/li>\n\t\t\t\t\t\t\t\t\t\t\t<\/ul>\n\n\t\t<\/div>\n\t\t\t\n\t\t\t<div class='past-event'>Past Event, <a href='..\/events'>click here<\/a> to view upcoming events<\/div>\t<\/div>\n<\/section>\n","protected":false},"excerpt":{"rendered":"<p>V\u00e4lkommen till ett Mellifiq Academy webinar om slututv\u00e4rderingen av projektet rening av l\u00e4kemedelsrester i VAMAS.<\/p>\n","protected":false},"featured_media":0,"template":"","event-business-areas":[38],"event-location":[46],"event-period":[],"class_list":["post-2529","events","type-events","status-publish","hentry","event-business-areas-industriell-vattenrening","event-location-webinar-sv"],"acf":[],"_links":{"self":[{"href":"https:\/\/academy.mellifiq.com\/sv\/wp-json\/wp\/v2\/events\/2529","targetHints":{"allow":["GET"]}}],"collection":[{"href":"https:\/\/academy.mellifiq.com\/sv\/wp-json\/wp\/v2\/events"}],"about":[{"href":"https:\/\/academy.mellifiq.com\/sv\/wp-json\/wp\/v2\/types\/events"}],"wp:attachment":[{"href":"https:\/\/academy.mellifiq.com\/sv\/wp-json\/wp\/v2\/media?parent=2529"}],"wp:term":[{"taxonomy":"event-business-areas","embeddable":true,"href":"https:\/\/academy.mellifiq.com\/sv\/wp-json\/wp\/v2\/event-business-areas?post=2529"},{"taxonomy":"event-location","embeddable":true,"href":"https:\/\/academy.mellifiq.com\/sv\/wp-json\/wp\/v2\/event-location?post=2529"},{"taxonomy":"event-period","embeddable":true,"href":"https:\/\/academy.mellifiq.com\/sv\/wp-json\/wp\/v2\/event-period?post=2529"}],"curies":[{"name":"wp","href":"https:\/\/api.w.org\/{rel}","templated":true}]}}