{"id":2593,"date":"2024-02-05T13:03:25","date_gmt":"2024-02-05T13:03:25","guid":{"rendered":"https:\/\/academy.mellifiq.com\/?post_type=events&#038;p=2593"},"modified":"2024-02-15T12:57:48","modified_gmt":"2024-02-15T12:57:48","slug":"ta-bort-fettet-i-koksfranluften-och-atervinn-varme-vart-tiotusentals-kronor-behandla-lukter-sanera-avfallsrum-och-skapa-valbefinnande-for-alla-i-fastigheten","status":"publish","type":"events","link":"https:\/\/academy.mellifiq.com\/sv\/archives\/events\/ta-bort-fettet-i-koksfranluften-och-atervinn-varme-vart-tiotusentals-kronor-behandla-lukter-sanera-avfallsrum-och-skapa-valbefinnande-for-alla-i-fastigheten","title":{"rendered":"EN-standarden 16282 och effektiv rening av k\u00f6ksfr\u00e5nluft"},"content":{"rendered":"\n<section\n    id=\"\"\n    class=\"block content-block\"\n\tstyle=\"--cb-bg: #fff; --cb-content: #000; \"\n>\n    \n\n<div class=\"container-fluid editor_content content content--full\">\n    <div class=\"row\">\n        <div class=\"col-12 editor_content\">\n            <p><strong>Ta bort fettet i k\u00f6ksfr\u00e5nluften och \u00e5tervinn v\u00e4rme v\u00e4rt tiotusentals kronor<\/strong><\/p>\n<p><strong>Datum:<\/strong> Tidag 5 mars 2024, kl. 09.00 &#8211; 12.00, efter seminariet bjuder vi p\u00e5 lunch<br \/>\n<strong>Var:<\/strong> P\u00e5 Mellifiqs lokaler, Elektrav\u00e4gen 53, H\u00e4gersten\/V\u00e4stberga, <a href=\"https:\/\/maps.app.goo.gl\/pg62hy4oqMCCoaQH8\" target=\"_blank\" rel=\"noopener\">hitta hit<\/a><\/p>\n<p>Anm\u00e4l dig via <a href=\"#form\">formul\u00e4ret nedan<\/a><\/p>\n<p><strong>Ett seminarium om effektiv luftrening av k\u00f6ksfr\u00e5nluft<\/strong><\/p>\n<p><span style=\"color: #000000;\">Allt fler stork\u00f6k, restauranger och fastighets\u00e4gare \u00e5tervinner v\u00e4rdefull v\u00e4rme fr\u00e5n k\u00f6ksfr\u00e5nluften. F\u00f6r att uppn\u00e5 maximal v\u00e4rme\u00e5tervinning m\u00e5ste fettet i fr\u00e5nluften fortl\u00f6pande tas bort. Om fettet blir kvar, \u00e4ven i sm\u00e5 m\u00e4ngder, f\u00e5r v\u00e4rmev\u00e4xlaren problem och v\u00e4rme\u00e5tervinningen blir betydligt s\u00e4mre.<\/span><\/p>\n<p><span style=\"color: #000000;\">Kontinuerlig och effektiv rening av fettrik fr\u00e5nluft fr\u00e5n ett kommersiellt k\u00f6k minskar ocks\u00e5 <i>risken f\u00f6r brand<\/i>, som annars \u00e4r \u00f6verh\u00e4ngande i en imkanal t\u00e4ckt med l\u00e4ttant\u00e4ndlig fett p\u00e5 insidan. F\u00f6rsvinner fettet i kanalen minskar ocks\u00e5 ev. <i>luktproblem<\/i>. Vid nyinstallation kan dessutom billigare kanalmaterial (klass 2B) anv\u00e4ndas \u00e4n rostfritt. Sist, men inte minst, f\u00f6rsvinner i stort sett behovet av frekvent <i>manuell rening<\/i> (sotning) av kanalerna. I ett k\u00f6k d\u00e4r det steks eller fritteras mycket rekommenderas annars att kanalerna reng\u00f6rs minst en g\u00e5ng i m\u00e5naden.<\/span><\/p>\n<p><span style=\"color: #000000;\">Genom kombinationsteknik, kan ocks\u00e5 total <i>lukteliminering<\/i> uppn\u00e5s och den varma <i>luktfria<\/i> k\u00f6ksfr\u00e5nluften kan med f\u00f6rdel v\u00e4rmev\u00e4xlas och sl\u00e4ppas ut i garaget eller p\u00e5 g\u00e5rden.<\/span><\/p>\n<p>H\u00e4r \u00e4r n\u00e5gra av de \u00e4mnen vi g\u00e5r igenom under seminaret:<b><i><\/i><\/b><i><\/i><\/p>\n<ul>\n<li>Rening av luften i imkanaler, soprum, fettavskiljare och avlopp, f\u00f6r- och nackdelar med olika metoder<\/li>\n<li>Vad skall man t\u00e4nka p\u00e5 f\u00f6r att rena luften effektivt och milj\u00f6v\u00e4nligt?<\/li>\n<li>Vad s\u00e4ger EU och svensk <strong>standard<\/strong> &#8211; <strong>EN SS 16282<\/strong> om utrustning f\u00f6r stork\u00f6ksventilation?<\/li>\n<li>Vad \u00e4r &#8220;ozonfri&#8221; UV och vad \u00e4r skillnaden med luftmatad och syrematad ozonaggregat?<\/li>\n<li>Hur skapar man trygga och s\u00e4kra installationer?<\/li>\n<li>Vilka \u00e4r de viktigaste och mest kritiska fr\u00e5gorna du b\u00f6r st\u00e4lla dig inf\u00f6r ett projekt?<\/li>\n<li>Vilka \u00e4r de vanligaste misstagen vid rening av k\u00f6ksfr\u00e5nluft och hur undviker du dem?<\/li>\n<li>Hur kan v\u00e4rmeenergi v\u00e4rd tiotusentals kronor \u00e5tervinnas p\u00e5 ett effektivt s\u00e4tt?<\/li>\n<\/ul>\n<p>Det kommer att finnas gott om tid f\u00f6r att st\u00e4lla fr\u00e5gor.<\/p>\n<p><strong>N\u00e4r:<\/strong> tisdag 5 mars 2024. Seminariet b\u00f6rjar kl. 09.00 och avslutas kl.12.00, efter seminariet serveras lunch<br \/>\n<strong>Var:<\/strong> p\u00e5 Mellifiqs lokaler p\u00e5 Elektrav\u00e4gen 53, H\u00e4gersten\/V\u00e4stberga<\/p>\n<p><strong>Kostnad:<\/strong> seminariet \u00e4r kostnadsfritt (ordinarie pris \u00e4r 795 kr per person)<\/p>\n<p><strong>Vilka borde g\u00e5: <\/strong>Seminariet v\u00e4nder sig till tekniska konsulter, driftschefer, fastighets\u00e4gare, fastighetschefer, fastighetsf\u00f6rvaltare, milj\u00f6ansvariga, VVS-entrepren\u00f6rer, restaurang\u00e4gare, men fler \u00e4r v\u00e4lkomna.<\/p>\n<p><strong>Mellifiq Academy, ett kunskapsseminarium om effektiva reningstekniker. <\/strong>Vi delar med oss av mer \u00e4n 30 \u00e5rs kunskap och erfarenhet av design, produktion och installation av luftreningsapplikationer i fastigheter.<\/p>\n<p><strong>PS.<\/strong><em> Vi \u00e4r \u00f6vertygade om att Mellifiq Academy ger dig v\u00e4rdefull kunskap om reningstekniker f\u00f6r k\u00f6ksfr\u00e5nluft i fastigheter, f\u00f6rdelar och m\u00f6jligheter. <\/em><strong><em>Bjud g\u00e4rna med dina kollegor<\/em><\/strong><em>, om de inte redan har f\u00e5tt en inbjudan. <\/em><strong>PSS<\/strong>.<em> \u00c4r ni fler p\u00e5 f\u00f6retaget som \u00e4r intresserade, kommer vii g\u00e4rna ut till er och h\u00e5ller en academy. Maila <\/em><a href=\"mailto:academy@mellifiq.com\"><em>academy@mellifiq.com<\/em><\/a><em> s\u00e5 bokar vi ett tillf\u00e4lle.<\/em><\/p>\n<p>Varmt v\u00e4lkommen!<\/p>\n        <\/div>\n    <\/div>\n<\/div>\n\n<\/section>\n\n\n<section class=\"block form-block event\" style=\"padding-top:0px;\">\n  <div id=\"form\" class=\"container-fluid\" style=\"padding-top: 130px;margin-top: -130px; --event-form-bg: #0080c8; --event-form-color: #fff\">\n    <div class=\"event-container \">\n\t\t\t<ul>\n\t\t\t\t<li><h4>Information : <\/h4><\/li>\n\t\t\t\t<li><span>When : 2024-03-05 09:00 CET<\/span><\/li>\n\t\t\t\t<li><span>Category : \t\t\t\tStork\u00f6ksventilation<\/span><\/li>\n\t\t\t\t\t\t\t\t<li><span>Language : Svenska<\/span><\/li>\n\t\t\t\t\t\t\t\t<li><span>Address : Elektrav\u00e4gen 53, H\u00e4gersten<\/span><\/li>\t\t\t\t<li><span>City : Stockholm<\/span><\/li>\t\t\t\t<li><span>Country : Sverige<\/span><\/li>\t\t\t\t\t\t\t\t<li><span>Platform : Seminarium<\/span>\n\t\t\t\t<\/li>\n\t\t\t\t\t\t\t\t\t\t\t<\/ul>\n\n\t\t<\/div>\n\t\t\t\n\t\t\t<div class='past-event'>Past Event, <a href='..\/events'>click here<\/a> to view upcoming events<\/div>\t<\/div>\n<\/section>\n","protected":false},"excerpt":{"rendered":"","protected":false},"featured_media":0,"template":"","event-business-areas":[36],"event-location":[44],"event-period":[],"class_list":["post-2593","events","type-events","status-publish","hentry","event-business-areas-storkoksventilation","event-location-sverige"],"acf":[],"_links":{"self":[{"href":"https:\/\/academy.mellifiq.com\/sv\/wp-json\/wp\/v2\/events\/2593","targetHints":{"allow":["GET"]}}],"collection":[{"href":"https:\/\/academy.mellifiq.com\/sv\/wp-json\/wp\/v2\/events"}],"about":[{"href":"https:\/\/academy.mellifiq.com\/sv\/wp-json\/wp\/v2\/types\/events"}],"wp:attachment":[{"href":"https:\/\/academy.mellifiq.com\/sv\/wp-json\/wp\/v2\/media?parent=2593"}],"wp:term":[{"taxonomy":"event-business-areas","embeddable":true,"href":"https:\/\/academy.mellifiq.com\/sv\/wp-json\/wp\/v2\/event-business-areas?post=2593"},{"taxonomy":"event-location","embeddable":true,"href":"https:\/\/academy.mellifiq.com\/sv\/wp-json\/wp\/v2\/event-location?post=2593"},{"taxonomy":"event-period","embeddable":true,"href":"https:\/\/academy.mellifiq.com\/sv\/wp-json\/wp\/v2\/event-period?post=2593"}],"curies":[{"name":"wp","href":"https:\/\/api.w.org\/{rel}","templated":true}]}}